{"id":9,"date":"2017-09-22T11:30:15","date_gmt":"2017-09-22T11:30:15","guid":{"rendered":"http:\/\/liwonet.ch\/cmsfgz\/?page_id=9"},"modified":"2024-12-04T21:57:21","modified_gmt":"2024-12-04T20:57:21","slug":"test-2","status":"publish","type":"page","link":"https:\/\/www.fgziefen.ch\/?page_id=9","title":{"rendered":"Aktuell"},"content":{"rendered":"<h2>2024<\/h2>\n<p>Servicemeldung:<\/p>\n<p>Datum:20-11-2024 bis 20-11-2024<br \/>\nUrsache: Arbeiten am Kabelnetz<br \/>\n<strong>Meldung: Unterbruch bei HFC Diensten (Lineares TV und Radio)<\/strong><br \/>\nNicht betroffene Dienste: Mobile,Internet, Telefonie und Internet-TV<br \/>\nDauer der Arbeiten: 0.05 &#8211; 0.30 Uhr<br \/>\nArt des Unterbruchs: Kleiner Unterbruch (max. 30min.)<\/p>\n<h2>2023<\/h2>\n<p><a href=\"https:\/\/www.fgziefen.ch\/?page_id=762\">Aktuelle Informationen zur \u00c4nderung des Signallieferanten<\/a><\/p>\n<h2>2020<\/h2>\n<p>16.03.2020<br \/>\nDer Regierungsrat Baselland hat weitergehende Massnahmen beschlossen um die Ausbreitung des Coronavirus einzud\u00e4mmen.<strong> Daher sind vorerst alle Plombierungsauftr\u00e4ge pausiert und der Kundensupport vor Ort wird eingestellt.<\/strong><\/p>\n<h4>10.01.2020 Neuerungen im Rechnungsformat ab 2020<\/h4>\n<p>Ab diesem Jahr erhalten Sie die Rechnung der FGZ Betriebsgeb\u00fchren in einem neuen Format.<br \/>\nWir haben unsere Kundenverwaltung auf eine moderne L\u00f6sung umgestellt, daher k\u00f6nnen wir neu Einzahlungsscheine mit Referenznummern verarbeiten.<br \/>\nDies vereinfacht es uns die \u00dcbersicht \u00fcber die offenen und beglichenen Rechnungen zu haben.<br \/>\nAuch das Layout der Rechnungen haben wir vereinfacht. Wir listen nur noch die notwendigsten Informationen auf, wie Kundennummer, Anschlussobjekt, Anzahl Anschl\u00fcsse, Rechnungstotal:<\/p>\n<p><img loading=\"lazy\" decoding=\"async\" class=\"aligncenter wp-image-433\" src=\"http:\/\/www.fgziefen.ch\/wp-content\/uploads\/2020\/01\/VorschauESFGZ.png\" alt=\"Rechnungsvorschau\" width=\"2989\" height=\"134\" \/><\/p>\n<p>Bei der Zahlung via E-Banking, bitte unbedingt die <strong>Referenznummmer angeben<\/strong> (Oranger Einzahlungsschein). Ansonsten kann die Buchung nicht automatisch verarbeitet werde und es enstehen Mehrkosten f\u00fcr uns.<\/p>\n<p>Sobald der neue Einzahlungsschein mit QR-Code verf\u00fcgbar ist werden wir auf dieses neue Format umstellen.<\/p>\n<h2>2019<\/h2>\n<h4>05.09.2019 UPC Sender-Change<\/h4>\n<p>Sollten Sie Probleme beim TV Empfang haben, bitte f\u00fchren Sie einen Sendersuchlauf durch &#8211; gem\u00e4ss der Anleitung des TV Ger\u00e4tes.<br \/>\nDie technischen Infos f\u00fcr den Sendersuchlauf finden Sie hier unter <a href=\"http:\/\/www.fgziefen.ch\/?page_id=46\">St\u00f6rungen und Infos<\/a><\/p>\n<p><a href=\"https:\/\/www.upc.ch\/de\/support\/fernsehen\/change\/\" target=\"_blank\" rel=\"noopener noreferrer\">Mehr Informationen zum Sender Change Day vom 27.8.2019 von UPC<\/a><\/p>\n<h4>29.07.2019 Meldung der Breitband.ch<\/h4>\n<p>Sehr geehrte Damen und Herren.<\/p>\n<p>Um dem stetig wachsenden Bedarf an Bandbreite zu gen\u00fcgen, wird unsere Infrastruktur laufend weiter ausgebaut und modernisiert.<\/p>\n<p>Aufgrund von Modernisierungsarbeiten an der Infrastruktur ist es notwendig, dass in der Nacht vom 31.07.2019 an der elektronischen Ausr\u00fcstung Arbeiten durchgef\u00fchrt werden.<\/p>\n<p>Diese Arbeiten f\u00fchren zu einem leider unvermeidbaren Unterbruch der Leistungen in den Bereichen Internet, Telefonie und Replay TV.<\/p>\n<p>Der Unterbruch findet im Zeitfenster von 00:00 bis 07:00 Uhr statt.<\/p>\n<p>Gemeinden: Arisdorf, B\u00f6ckten, B\u00fcren, Diegten, Diepflingen Diepflingen, Frenkendorf, F\u00fcllinsdorf, Gelterkinden, H\u00f6lstein, Itingen, Lausen, Liestal, Lupsingen, Niederdorf, Nuglar, Ormalingen, Ramlinsburg, Reigoldswil, Rickenbach, Rothenfluh, R\u00fcnenberg, Seltisberg, Sissach, St.Pantaleon, Tenniken, Th\u00fcrnen, Waldenburg, Wenslingen, Wintersingen, <strong>Ziefen<\/strong> und Zunzgen<\/p>\n<p>Datum: Mittwoch 31. Juli 2019<\/p>\n<p>Zeitraum: 00:00 bis 07:00 Uhr<\/p>\n<p>Die arbeitsbedingten Ausf\u00e4lle betreffen nur die oben genannten Zeiten (Arbeitszeiten).<\/p>\n<p>Ausserhalb der angegebenen Zeit sind s\u00e4mtliche Dienste verf\u00fcgbar!<\/p>\n<p>Besten Dank f\u00fcr Ihr Verst\u00e4ndnis.<\/p>\n<p>Freundliche Gruesse \/ Kind Regards<\/p>\n<p>Gloor Tobias<\/p>\n<p>Leiter Kundendienst<\/p>\n<p>I m p r o W a r e A G &#8211; Breitband.ch Dienste Voice &amp; Internet<\/p>\n<h4><\/h4>\n<h4>12.07.2019<\/h4>\n<p>NEU Vor-Ort-Support der FGZ.<\/p>\n<p>Probleme mit Ihrem TV? Finden Sie einen Sender nicht? Probleme mit Ihrem Modem und Internetverbindung? W-Lan funktioniert nicht? Wir helfen Ihnen gerne weiter.<br \/>\n<strong>Daher\u00a0 bieten wir \u00a0ab diesem Jahr einen vor-Ort-Support f\u00fcr unsere Genossenschafter an.<\/strong><\/p>\n<p>Kontakt f\u00fcr die vor-Ort-Unterst\u00fctzung:<br \/>\nClaudius Tschopp (Technik) Tel: 061 931 27 72<\/p>\n<p>Kontakt f\u00fcr alle anderen Anfragen:<br \/>\nStefan Wagner (Pr\u00e4sident) Tel: 061 901 42 03<\/p>\n<p>Email: \u00a0<a href=\"mailto:office@fgziefen.ch\">office@fgziefen.ch<\/a><\/p>\n<p><em>(Kosten des Vor-Ort-Supports: Die erste Stunde Fr. 30<br \/>\nF\u00fcr jede weitere angebrochene Viertelstunde Fr. 15)<\/em><\/p>\n<p>Bei St\u00f6rungen im Kabelnetz:<br \/>\nSt\u00f6rungsnummer Firma WD Regionet: 061 821 00 10 (24h)<\/p>\n<h4>28.02.2018<\/h4>\n<p>Sunrise \u00fcbernimmt UPC<br \/>\n<a href=\"https:\/\/www.srf.ch\/news\/wirtschaft\/fusion-von-sunrise-und-upc-ein-starker-zweiter-platz\" target=\"_blank\" rel=\"noopener noreferrer\">Hier der Bericht von SRF<\/a><br \/>\nWas sich f\u00fcr unsere Genossenschafter \u00e4ndert welche Ihr Abo bei UPC haben k\u00f6nnen wir noch nicht sagen.\u00a0 Wir hoffen jedoch, dass in Zukunft die Kunden von Sunrise die Dienstleistung \u00fcber unser Kabelnetz beziehen und nicht (wie jetzt)\u00a0 \u00fcber die ADSL-Leitungen von Swisscom.<\/p>\n<h4>04.12.2018<\/h4>\n<p>Die FGZ w\u00fcnscht Ihnen eine geruhsame Adventszeit und besinnliche Weihnachten. Einen guten Start ins neue 2019 darf hier nat\u00fcrlich auch nicht fehlen.<br \/>\n<a href=\"http:\/\/www.fgziefen.ch\/?page_id=209\">Ab 2019 neu, unser erweiterter Kundensupport f\u00fcr Sie.<\/a><\/p>\n<h4>23.10.2018<\/h4>\n<p>Wir gratulieren Herr Claudius Tschopp und Herr Esteban Thommen zur Wahl in den Vorstand der FGZ.<\/p>\n<p>Die Personen und Funktionen innerhalb des Vorstands sind:<br \/>\nStefan Wagner, Pr\u00e4sident<br \/>\nEsteban Thommen, Vizepr\u00e4sident<br \/>\nMona Cao, Kassiererin, Aktuarin<br \/>\nClaudius Tschopp, Technik und Kundensupport<br \/>\nThomas Tremp, Beisitzer mit Funktion Technik<\/p>\n<h4>04.10.2018<\/h4>\n<p>UPC hat nun offiziell den Nachfolger der Horizon-Box\u00a0 pr\u00e4sentiert.<br \/>\nMehr Informationen\u00a0 dazu bei <a href=\"https:\/\/www.itmagazine.ch\/Artikel\/68201\/UPC_praesentiert_neue_TV-Box_aber_keine_neuen_Angebote.html\" target=\"_blank\" rel=\"noopener noreferrer\">itmagazin.ch<\/a><\/p>\n<p>&nbsp;<\/p>\n<p><strong>26.09.2018<br \/>\nSportprogramm auch ohne Wechsel zur Swisscom<\/strong><br \/>\nF\u00fcr Sportbegeisterte Genossenschaftler, resp. Kunden der FGZ. Neu k\u00f6nnen Sie das komplette Sportprogramm von Sky auch auf Ihre Ger\u00e4te streamen. Dazu braucht es kein Wechsel von Ihrem Internetanbieter.<br \/>\n&gt;&gt;&gt; <a href=\"https:\/\/sport.sky.ch\/de\" target=\"_blank\" rel=\"noopener noreferrer\">Mehr Informationen unter sky.ch<\/a><\/p>\n<p>&nbsp;<\/p>\n<p><strong>27.03.2018<\/strong><br \/>\n<strong> St\u00f6rung f\u00fcr breitband.ch Kunden infolge Ausbau der Improware<\/strong><br \/>\nGem\u00e4ss E-Mail die alle breitband.ch Kunden am 21.03.2018 erhalten haben:<\/p>\n<p><em>Sehr\u00a0geehrte\u00a0breitband.ch\u00a0Kundinnen,\u00a0sehr\u00a0geehrte\u00a0breitband.ch\u00a0Kunden<\/em><\/p>\n<p><em>Die ImproWare AG\u00a0 &#8211; breitband.ch &#8211;\u00a0 bedient Sie im Kabelnetz Ihrer Gemeinde mit Internet und Festnetz-Telefonie sowie zeitversetztem Fernsehen in bester Qualit\u00e4t. Um diese Qualit\u00e4t weiterhin gew\u00e4hrleisten zu k\u00f6nnen, r\u00fcsten wir auf die neueste Technologie auf. Die Erweiterungen an der Kabelnetz-Infrastruktur f\u00fchren zu einem l\u00e4ngeren Unterbruch aller von Ihnen gebuchten Dienstleistungen. <\/em><\/p>\n<p><em> ==&gt;&gt;\u00a0Der\u00a0Unterbruch\u00a0aller\u00a0breitband.ch-Dienstleistungen\u00a0findet\u00a0in\u00a0Ihrer\u00a0Gemeinde\u00a0am\u00a027.\u00a0M\u00e4rz\u00a02018\u00a0zwischen\u00a000.01\u00a0und\u00a006.00\u00a0Uhr\u00a0morgens\u00a0statt.\u00a0&lt;&lt;==\u00a0<\/em><br \/>\n<em>Nach\u00a0Abschluss\u00a0der\u00a0Arbeiten\u00a0wird\u00a0sich\u00a0Ihr\u00a0Internet-\u00a0und\u00a0Telefonanschluss\u00a0automatisch\u00a0reaktivieren\u00a0und\u00a0Sie\u00a0k\u00f6nnen\u00a0auch\u00a0ab\u00a0sofort\u00a0wieder\u00a0das\u00a0zeitversetzte\u00a0Fernsehen\u00a0geniessen\u00a0(falls\u00a0gebucht).\u00a0<\/em><\/p>\n<p><em> Wir\u00a0bedanken\u00a0uns\u00a0im\u00a0Voraus\u00a0f\u00fcr\u00a0Ihr\u00a0Verst\u00e4ndnis\u00a0und\u00a0Ihre\u00a0Geduld.\u00a0<\/em><\/p>\n<p><em> Haben Sie Fragen? Ein kurzer Anruf gen\u00fcgt und wir geben Ihnen gerne Auskunft unter 061 826 93 07. (Montag bis Freitag 08:30 &#8211; 12:00 Uhr\u00a0 | 13:30 &#8211; 19:30 Uhr).<\/em><\/p>\n<p><em> Freundliche\u00a0Gr\u00fcsse<\/em><\/p>\n<p><em> Oli\u00a0Gloor\u00a0\u00a0\u00a0Leiter\u00a0Kundendienst<\/em><\/p>\n<p><em> Breitband.ch<\/em><\/p>\n<p><em> I\u00a0m\u00a0p\u00a0r\u00a0o\u00a0W\u00a0a\u00a0r\u00a0e\u00a0A\u00a0G<\/em><br \/>\n<em> Besuchen\u00a0Sie\u00a0auch\u00a0unser\u00a0Forum\u00a0unter\u00a0forum.breitband.ch<\/em><br \/>\n<em> ______________________________________________________<\/em><\/p>\n<p><em> Zurlindenstrasse\u00a029\u00a0\u00a0\u00a0\u00a0\u00a0\u00a0\u00a0\u00a0\u00a0\u00a0\u00a0\u00a0\u00a0\u00a0Tel\u00a0+41\u00a061\u00a0826\u00a093\u00a007<\/em><br \/>\n<em> CH-4133\u00a0Pratteln\u00a0\u00a0\u00a0\u00a0\u00a0\u00a0\u00a0\u00a0\u00a0\u00a0\u00a0\u00a0\u00a0\u00a0\u00a0\u00a0\u00a0Fax\u00a0+41\u00a061\u00a0826\u00a093\u00a002<\/em><br \/>\n<em> Schweiz<\/em><\/p>\n<p>&nbsp;<\/p>\n<p>&nbsp;<\/p>\n<p>06.02.2018<br \/>\nDie UPC erh\u00f6ht die Geb\u00fchr f\u00fcr den Kabelanschluss auf 40 sFr pro Monat<br \/>\n<a href=\"http:\/\/www.pctipp.ch\/news\/web-dienste\/artikel\/preiserhoehung-upc-will-40-franken-fuer-kabelanschluss-89286\/\" target=\"_blank\" rel=\"noopener noreferrer\">Hier mehr Infos<\/a><br \/>\nIn Ziefen bleibt der Preis aber weiterhin bei sehr g\u00fcnstigen 20 sFr pro Monat!<\/p>\n<p>&nbsp;<\/p>\n<p>Netzmodernisierung: Die Arbeiten sind fast beendet<\/p>\n<p>Webseite: Die FGZ-Homepage ist nun in der Schweiz gehostet. Die Webseite wird neu aufgebaut.<\/p>\n","protected":false},"excerpt":{"rendered":"<p>2024 Servicemeldung: Datum:20-11-2024 bis 20-11-2024 Ursache: Arbeiten am Kabelnetz Meldung: Unterbruch bei HFC Diensten (Lineares TV und Radio) Nicht betroffene Dienste: Mobile,Internet, Telefonie und Internet-TV Dauer der Arbeiten: 0.05 &#8211; 0.30 Uhr Art des Unterbruchs: Kleiner Unterbruch (max. 30min.) 2023 Aktuelle Informationen zur \u00c4nderung des Signallieferanten 2020 16.03.2020 Der Regierungsrat Baselland hat weitergehende Massnahmen beschlossen &hellip; <\/p>\n<p class=\"link-more\"><a href=\"https:\/\/www.fgziefen.ch\/?page_id=9\" class=\"more-link\"><span class=\"screen-reader-text\">\u201eAktuell\u201c <\/span>weiterlesen<\/a><\/p>\n","protected":false},"author":1,"featured_media":0,"parent":0,"menu_order":0,"comment_status":"closed","ping_status":"closed","template":"","meta":{"footnotes":""},"class_list":["post-9","page","type-page","status-publish","hentry"],"_links":{"self":[{"href":"https:\/\/www.fgziefen.ch\/index.php?rest_route=\/wp\/v2\/pages\/9","targetHints":{"allow":["GET"]}}],"collection":[{"href":"https:\/\/www.fgziefen.ch\/index.php?rest_route=\/wp\/v2\/pages"}],"about":[{"href":"https:\/\/www.fgziefen.ch\/index.php?rest_route=\/wp\/v2\/types\/page"}],"author":[{"embeddable":true,"href":"https:\/\/www.fgziefen.ch\/index.php?rest_route=\/wp\/v2\/users\/1"}],"replies":[{"embeddable":true,"href":"https:\/\/www.fgziefen.ch\/index.php?rest_route=%2Fwp%2Fv2%2Fcomments&post=9"}],"version-history":[{"count":41,"href":"https:\/\/www.fgziefen.ch\/index.php?rest_route=\/wp\/v2\/pages\/9\/revisions"}],"predecessor-version":[{"id":1272,"href":"https:\/\/www.fgziefen.ch\/index.php?rest_route=\/wp\/v2\/pages\/9\/revisions\/1272"}],"wp:attachment":[{"href":"https:\/\/www.fgziefen.ch\/index.php?rest_route=%2Fwp%2Fv2%2Fmedia&parent=9"}],"curies":[{"name":"wp","href":"https:\/\/api.w.org\/{rel}","templated":true}]}}